{"id":2833,"date":"2024-08-02T15:13:00","date_gmt":"2024-08-02T13:13:00","guid":{"rendered":"https:\/\/gasthauswolf.it\/privacy-policy\/"},"modified":"2024-12-09T12:10:48","modified_gmt":"2024-12-09T11:10:48","slug":"privacy-policy","status":"publish","type":"page","link":"https:\/\/gasthauswolf.it\/it\/privacy-policy\/","title":{"rendered":"Privacy Policy"},"content":{"rendered":"\t\t<div data-elementor-type=\"wp-page\" data-elementor-id=\"2833\" class=\"elementor elementor-2833 elementor-157\" data-elementor-post-type=\"page\">\n\t\t\t\t<div class=\"elementor-element elementor-element-09622a2 e-flex e-con-boxed e-con e-parent\" data-id=\"09622a2\" data-element_type=\"container\" data-e-type=\"container\">\n\t\t\t\t\t<div class=\"e-con-inner\">\n\t\t\t\t<div class=\"elementor-element elementor-element-3131cb2 elementor-widget elementor-widget-heading\" data-id=\"3131cb2\" data-element_type=\"widget\" data-e-type=\"widget\" data-widget_type=\"heading.default\">\n\t\t\t\t\t<h1 class=\"elementor-heading-title elementor-size-default\">Privacy Policy<\/h1>\t\t\t\t<\/div>\n\t\t\t\t<div class=\"elementor-element elementor-element-7c5d30c elementor-widget elementor-widget-text-editor\" data-id=\"7c5d30c\" data-element_type=\"widget\" data-e-type=\"widget\" data-widget_type=\"text-editor.default\">\n\t\t\t\t\t\t\t\t\t<p>Gasthaus Wolf  con sede legale sul Brennero, Via S. Valentino 66, 39041 Brennero, si impegna costantemente per tutelare la privacy on-line dei suoi utenti. Questo documento \u00e8 stato redatto ai sensi dell\u2019art. 13 del regolamento UE 2016\/679 (di seguito: &#8220;Regolamento&#8221;) al fine di permetterle di conoscere la nostra politica sulla privacy, per capire come le sue informazioni personali vengono gestite quando utilizza il nostro sito web (di seguito \u201cSito\u201d) e, se del caso, di prestare un consenso al trattamento dei suoi dati personali in modo espresso e consapevole. (Validamente prestato solo da persone maggiori di anni 16). Le informazioni e i dati da Lei forniti o altrimenti acquisiti nell&#8217;ambito dell\u2019utilizzo dei nostri servizi sul sito &#8211; di seguito &#8220;Servizi&#8221;-, saranno oggetto di trattamento nel rispetto delle disposizioni del Regolamento e degli obblighi di riservatezza che ispirano l&#8217;attivit\u00e0 del titolare.  <\/p>\n<p>Secondo le norme del Regolamento, i trattamenti effettuati da Locanda Wolf saranno improntati ai principi di liceit\u00e0, correttezza, trasparenza, limitazione delle finalit\u00e0 e della conservazione, minimizzazione dei dati, esattezza, integrit\u00e0 e riservatezza.<\/p>\n\t\t\t\t\t\t\t\t<\/div>\n\t\t\t\t<div class=\"elementor-element elementor-element-ead6f4f elementor-widget elementor-widget-heading\" data-id=\"ead6f4f\" data-element_type=\"widget\" data-e-type=\"widget\" data-widget_type=\"heading.default\">\n\t\t\t\t\t<h2 class=\"elementor-heading-title elementor-size-default\">Indice:<\/h2>\t\t\t\t<\/div>\n\t\t\t\t<div class=\"elementor-element elementor-element-4c69e9b elementor-widget elementor-widget-text-editor\" data-id=\"4c69e9b\" data-element_type=\"widget\" data-e-type=\"widget\" data-widget_type=\"text-editor.default\">\n\t\t\t\t\t\t\t\t\t<p>1. Titolare del trattamento<br \/>2. I dati personali oggetto di trattamento<br \/>a. Dati di navigazione<br \/>b. Speciali categorie di dati personali<br \/>c. Dati forniti volontariamente dall\u2019interessato<br \/>3. Finalit\u00e0 del trattamento<br \/>4. Base legale e natura obbligatoria o facoltativa del trattamento<br \/>5. Destinatari dei dati personali<br \/>6. Trasferimenti dei dati personali<br \/>7. Conservazione dei dati personali<br \/>8. Diritti dell\u2019interessato<br \/>9. Modifiche<br \/>10. Cookies<br \/>a. Borlabs<br \/>b. Google Analytics<\/p>\n\t\t\t\t\t\t\t\t<\/div>\n\t\t\t\t<div class=\"elementor-element elementor-element-acd9be3 elementor-widget elementor-widget-heading\" data-id=\"acd9be3\" data-element_type=\"widget\" data-e-type=\"widget\" data-widget_type=\"heading.default\">\n\t\t\t\t\t<h2 class=\"elementor-heading-title elementor-size-default\">1. Titolare del trattamento<\/h2>\t\t\t\t<\/div>\n\t\t\t\t<div class=\"elementor-element elementor-element-20cf197 elementor-widget elementor-widget-text-editor\" data-id=\"20cf197\" data-element_type=\"widget\" data-e-type=\"widget\" data-widget_type=\"text-editor.default\">\n\t\t\t\t\t\t\t\t\t<p>Il titolare dei trattamenti svolti attraverso il sito \u00e8 Locanda Wolf come sopra definito. Per qualunque informazione inerente al trattamento dei dati personali da parte del titolare, tra cui l\u2019elenco dei responsabili del trattamento che trattano dati, pu\u00f2 scrivere al seguente indirizzo: <a href=\"mailto:mail@gasthauswolf.it\">mail@gasthauswolf.it<\/a> <\/p>\n\t\t\t\t\t\t\t\t<\/div>\n\t\t\t\t<div class=\"elementor-element elementor-element-8eef54c elementor-widget elementor-widget-heading\" data-id=\"8eef54c\" data-element_type=\"widget\" data-e-type=\"widget\" data-widget_type=\"heading.default\">\n\t\t\t\t\t<h2 class=\"elementor-heading-title elementor-size-default\">2. I dati personali oggetto del trattamento<\/h2>\t\t\t\t<\/div>\n\t\t\t\t<div class=\"elementor-element elementor-element-25e980c elementor-widget elementor-widget-text-editor\" data-id=\"25e980c\" data-element_type=\"widget\" data-e-type=\"widget\" data-widget_type=\"text-editor.default\">\n\t\t\t\t\t\t\t\t\t<p style=\"font-weight: 400;\">A seguito della navigazione del Sito, la informiamo che il titolare tratter\u00e0 dati personali che potranno essere costituiti da un identificativo come il nome, un numero di identificazione, un identificativo online, un indirizzo postale, un indirizzo di posta elettronica, un numero di telefono (fisso e\/o mobile) o a uno o pi\u00f9 elementi caratteristici della sua identit\u00e0 fisica, fisiologica, psichica, economica, culturale o sociale idonea a rendere il soggetto interessato identificato o identificabile (di seguito solo \u201cDati Personali\u201d).<\/p>\n<p style=\"font-weight: 400;\">I Dati Personali trattati attraverso il Sito sono i seguenti:<\/p>\n<\/p>\n<h3 style=\"font-weight: 400;\"><strong>a. Dati di navigazione<\/strong><\/h3>\n<p style=\"font-weight: 400;\">I sistemi informatici e le procedure software preposte al funzionamento del Sito acquisiscono, nel corso del loro normale esercizio, alcuni Dati Personali la cui trasmissione \u00e8 implicita nell&#8217;uso dei protocolli di comunicazione di Internet. Si tratta di informazioni che non sono raccolte per essere associate a interessati identificati, ma che per loro stessa natura potrebbero, attraverso elaborazioni ed associazioni con dati detenuti da terzi, permettere di identificare gli utenti. In questa categoria di dati rientrano gli indirizzi IP o i nomi a dominio dei computer utilizzati dagli utenti che si connettono al Sito, gli indirizzi in notazione URI (Uniform Resource Identifier) delle risorse richieste, l&#8217;orario della richiesta, il metodo utilizzato nel sottoporre la richiesta al server, la dimensione del file ottenuto in risposta, il codice numerico indicante lo stato della risposta data dal server (buon fine, errore, etc.) ed altri parametri relativi al sistema operativo e all&#8217;ambiente informatico dell&#8217;utente. Questi dati vengono utilizzati al solo fine di ricavare informazioni statistiche anonime sull&#8217;uso del Sito e per controllarne il corretto funzionamento, per identificare anomalie e\/o abusi, e vengono cancellati immediatamente dopo l&#8217;elaborazione. I dati potrebbero essere utilizzati per l&#8217;accertamento di responsabilit\u00e0 in caso di ipotetici reati informatici ai danni del sito o di terzi: salva questa eventualit\u00e0, allo stato i dati raccolti dal sito vengono rimossi entro un breve arco di tempo.     <\/p>\n<\/p>\n<h3 style=\"font-weight: 400;\"><strong>b. Speciali <\/strong><strong>categorie di dati personali<\/strong><\/h3>\n<p style=\"font-weight: 400;\">Nell&#8217;utilizzo del nostro Sito (o invio tramite e-mail) per una sua candidatura, potrebbe verificarsi un conferimento dei suoi Dati Personali rientranti nel novero delle speciali categorie di Dati Personali di cui all\u2019art. 9 del Regolamento, testualmente i \u201c[\u2026] dati personali che rivelino l&#8217;origine razziale o etnica, le opinioni politiche, le convinzioni religiose o filosofiche, o l&#8217;appartenenza sindacale, nonch\u00e9 [\u2026] dati genetici, dati biometrici intesi a identificare in modo univoco una persona fisica, dati relativi alla salute o alla vita sessuale o all&#8217;orientamento sessuale della persona\u201d. La invitiamo a non pubblicare tali dati se non strettamente necessario. Invero, le ricordiamo che a fronte della trasmissione di speciali categorie di Dati Personali, ma in assenza di specifica manifestazione del consenso a trattare tali dati (eventualit\u00e0 che comunque la consente ovviamente di inviare un curriculum vitae), il titolare non potr\u00e0 essere ritenuto responsabile a nessun titolo, n\u00e9 potr\u00e0 ricevere contestazioni di sorta, poich\u00e9 in tal caso il trattamento sar\u00e0 consentito in quanto avente ad oggetto dati resi manifestamente pubblici dall&#8217;interessato, in conformit\u00e0 con l\u2019art. 9(1)(e) del Regolamento.Specifichiamo comunque l&#8217;importanza, come sopra gi\u00e0 segnalato, di manifestare l\u2019esplicito consenso al trattamento delle speciali categorie di Dati Personali, laddove decidesse di condividere tali informazioni.<br \/>La informiamo inoltre che, ai fini della selezione, il titolare potrebbe analizzare i profili social a carattere professionale resi liberamente disponibili su Internet (es. LinkedIn).   <\/p>\n<\/p>\n<h3 style=\"font-weight: 400;\"><strong>c. Dati forniti volontariamente dall\u2019interessato<\/strong><\/h3>\n<p style=\"font-weight: 400;\">Nell&#8217;utilizzo di alcuni Servizi del Sito (ad esempio il modulo di richiesta\/contatto\/prenotazione) potrebbe verificarsi un trattamento di Dati Personali di terzi soggetti da Lei inviati al titolare. Rispetto a tali ipotesi, Lei si pone come autonomo titolare del trattamento, assumendosi tutti gli obblighi e le responsabilit\u00e0 di legge. In tal senso, conferisce sul punto la pi\u00f9 ampia manleva rispetto ad ogni contestazione, pretesa, richiesta di risarcimento del danno da trattamento, ecc. che dovesse pervenire al titolare da terzi soggetti i cui Dati Personali siano stati trattati attraverso il suo utilizzo delle funzioni del Sito in violazione delle norme sulla tutela dei dati personali applicabili. In ogni caso, qualora fornisse o in altro modo trattasse Dati Personali di terzi nell&#8217;utilizzo del Sito, garantisce fin da ora &#8211; assumendosene ogni connessa responsabilit\u00e0 &#8211; che tale particolare ipotesi di trattamento si fonda su un\u2019idonea base giuridica ai sensi dell\u2019art. 6 del Regolamento che legittima il trattamento delle informazioni in questione.<\/p><\/p>\n\t\t\t\t\t\t\t\t<\/div>\n\t\t\t\t<div class=\"elementor-element elementor-element-2cfadbe elementor-widget elementor-widget-heading\" data-id=\"2cfadbe\" data-element_type=\"widget\" data-e-type=\"widget\" data-widget_type=\"heading.default\">\n\t\t\t\t\t<h2 class=\"elementor-heading-title elementor-size-default\">3. Finalit\u00e0 del trattamento<\/h2>\t\t\t\t<\/div>\n\t\t\t\t<div class=\"elementor-element elementor-element-16cfea1 elementor-widget elementor-widget-text-editor\" data-id=\"16cfea1\" data-element_type=\"widget\" data-e-type=\"widget\" data-widget_type=\"text-editor.default\">\n\t\t\t\t\t\t\t\t\t<p style=\"font-weight: 400;\">Il trattamento che intendiamo effettuare, dietro suo specifico consenso, ove necessario, ha le seguenti finalit\u00e0:<\/p>\n<p>a. consentire l&#8217;erogazione dei Servizi da Lei richiesti;<\/p>\n<p>b. rispondere a richieste di assistenza, informazioni o di prenotazioni;<\/p>\n<p>c. analizzare i CV e ricontattare i candidati che hanno trasmesso la loro candidatura;<\/p>\n<p>d. assolvere eventuali obblighi di legge, contabili e fiscali.<\/p>\n<p>e. finalit\u00e0 di marketing: i dati conferiti potranno essere trattati, previo esplicito e specifico consenso, per l\u2019invio di comunicazioni promozionali e di marketing, incluso l\u2019invio di newsletter e ricerche di mercato, attraverso strumenti automatizzati (sms, mms, e-mail, notifiche push) e non (posta cartacea, telefono con operatore). La base giuridica del trattamento dei Suoi dati per tali finalit\u00e0 \u00e8 l\u2019art. 6, comma 1, lett. a) del Regolamento. Il trattamento di marketing diretto \u00e8 facoltativo e dipende dalla Sua libera scelta; pertanto il mancato conferimento del Suo consenso per tale finalit\u00e0 non pregiudicher\u00e0 la fruizione dei servizi.  <\/p>\n\t\t\t\t\t\t\t\t<\/div>\n\t\t\t\t<div class=\"elementor-element elementor-element-5a7a0e8 elementor-widget elementor-widget-heading\" data-id=\"5a7a0e8\" data-element_type=\"widget\" data-e-type=\"widget\" data-widget_type=\"heading.default\">\n\t\t\t\t\t<h2 class=\"elementor-heading-title elementor-size-default\">4. Base giuridica e natura obbligatoria o facoltativa del trattamento<\/h2>\t\t\t\t<\/div>\n\t\t\t\t<div class=\"elementor-element elementor-element-1002fed elementor-widget elementor-widget-text-editor\" data-id=\"1002fed\" data-element_type=\"widget\" data-e-type=\"widget\" data-widget_type=\"text-editor.default\">\n\t\t\t\t\t\t\t\t\t<p style=\"font-weight: 400;\">La base giuridica del trattamento di Dati Personali per le finalit\u00e0 di cui alla sezione 3 (a-b-c) \u00e8 l\u2019art. 6(1)(b) del Regolamento (esecuzione di un contratto) in quanto i trattamenti sono necessari all&#8217;erogazione dei Servizi o per il riscontro di richieste dell\u2019interessato. Il conferimento dei Dati Personali per queste finalit\u00e0 \u00e8 facoltativo ma l&#8217;eventuale mancato conferimento comporterebbe l&#8217;impossibilit\u00e0 di attivare i Servizi forniti dal Sito, riscontrare richieste o valutare i CV. Con specifico riferimento alla finalit\u00e0 3.c e alla connessa analisi dei profili social a carattere professionale resi liberamente disponibili su Internet di cui alla sezione 2.b, la base legale del trattamento \u00e8 l\u2019art. 6(1)(f) del Regolamento, ossia il legittimo interesse del titolare a verificare eventuali rischi sull\u2019idoneit\u00e0 del candidato a ricoprire la specifica posizione aperta.  <\/p>\n<p style=\"font-weight: 400;\">La finalit\u00e0 di cui alla sezione 3.d rappresenta un trattamento legittimo di Dati Personali ai sensi dell\u2019art. 6(1)(c) del Regolamento (adempiere un obbligo legale). Una volta conferiti i Dati Personali, il trattamento \u00e8 invero necessario per adempiere ad un obbligo di legge a cui il titolare \u00e8 soggetto. <\/p>\n<p style=\"font-weight: 400;\">La base giuridica del trattamento per le finalit\u00e0 di cui alla sezione 3.e \u00e8 l\u2019art. 6(1)(a) del Regolamento (consenso dell\u2019utente).<br \/>Per i trattamenti effettuati per le medesime finalit\u00e0 che comportano l\u2019invio diretto di proprio materiale pubblicitario o di propria vendita diretta o per il compimento di proprie ricerche di mercato o di comunicazioni commerciali in relazione a prodotti o servizi del titolare analoghi a quelli da Lei acquistati, il Titolare pu\u00f2 utilizzare, senza il suo consenso, gli indirizzi di posta elettronica e di posta cartacea, ai sensi e nei limiti consentiti dall\u2019art. 130, comma 4 del Codice e dal provvedimento dell\u2019Autorit\u00e0 Garante per la protezione dei dati personali del 19 giugno 2008. La base giuridica del trattamento dei suoi dati per tale finalit\u00e0 \u00e8 l\u2019art. 6(1)(f) del Regolamento (l\u2019interesse legittimo)  <\/p>\n\t\t\t\t\t\t\t\t<\/div>\n\t\t\t\t<div class=\"elementor-element elementor-element-777656e elementor-widget elementor-widget-heading\" data-id=\"777656e\" data-element_type=\"widget\" data-e-type=\"widget\" data-widget_type=\"heading.default\">\n\t\t\t\t\t<h2 class=\"elementor-heading-title elementor-size-default\">5. Destinatari dei dati personali<\/h2>\t\t\t\t<\/div>\n\t\t\t\t<div class=\"elementor-element elementor-element-6b42a25 elementor-widget elementor-widget-text-editor\" data-id=\"6b42a25\" data-element_type=\"widget\" data-e-type=\"widget\" data-widget_type=\"text-editor.default\">\n\t\t\t\t\t\t\t\t\t<p style=\"font-weight: 400;\">I suoi Dati Personali potranno essere condivisi, per le finalit\u00e0 di cui alla sezione 3 pi\u00f9 sopra, con:<\/p>\n<p>a. soggetti che agiscono tipicamente in qualit\u00e0 di responsabili del trattamento ossia:<br \/>i. persone, societ\u00e0 o studi professionali che prestano attivit\u00e0 di assistenza e consulenza al titolare in materia contabile, amministrativa, legale, tributaria, finanziaria, di recupero crediti, marketing e comunicazione relativamente alla erogazione dei Servizi;<br \/>ii. soggetti con i quali sia necessario interagire per l&#8217;erogazione dei Servizi (ad esempio gli hosting provider)<br \/>iii. ovvero soggetti delegati a svolgere attivit\u00e0 di manutenzione tecnica (inclusa la manutenzione degli apparati di rete e delle reti di comunicazione elettronica); (collettivamente \u201cDestinatari\u201d)<\/p>\n<p>b. soggetti, enti od autorit\u00e0 a cui sia obbligatorio comunicare i suoi dati personali in forza di disposizioni di legge o di ordini delle autorit\u00e0<\/p>\n<p>c. persone autorizzate dal titolare al trattamento di Dati Personali necessario a svolgere attivit\u00e0 strettamente correlate all&#8217;erogazione dei Servizi o alle altre finalit\u00e0 di cui sopra alla sezione 3, che si siano impegnate alla riservatezza o abbiano un adeguato obbligo legale di riservatezza (es. i dipendenti del titolare).<\/p>\n\t\t\t\t\t\t\t\t<\/div>\n\t\t\t\t<div class=\"elementor-element elementor-element-6267959 elementor-widget elementor-widget-heading\" data-id=\"6267959\" data-element_type=\"widget\" data-e-type=\"widget\" data-widget_type=\"heading.default\">\n\t\t\t\t\t<h2 class=\"elementor-heading-title elementor-size-default\">6. Trasferimenti dei dati personali<\/h2>\t\t\t\t<\/div>\n\t\t\t\t<div class=\"elementor-element elementor-element-414c76b elementor-widget elementor-widget-text-editor\" data-id=\"414c76b\" data-element_type=\"widget\" data-e-type=\"widget\" data-widget_type=\"text-editor.default\">\n\t\t\t\t\t\t\t\t\t<ul style=\"font-weight: 400;\">\n<li>Alcuni dei tuoi Dati Personali sono condivisi con Destinatari che si potrebbero trovare al di fuori dello Spazio Economico Europeo. Il titolare assicura che il trattamento dei suoi Dati Personali da parte di questi Destinatari avviene nel rispetto del Regolamento. Invero, i trasferimenti si possono basare su una decisione di adeguatezza, sulle Standard Contractual Clauses approvate dalla Commissione Europea o su un\u2019altra idonea base giuridica. Maggiori informazioni sono disponibili presso il titolare scrivendo al seguente indirizzo: <a href=\"mailto:mail@gasthauswolf.it\">mail@gasthauswolf.it<\/a>   <\/li>\n<\/ul>\n\t\t\t\t\t\t\t\t<\/div>\n\t\t\t\t<div class=\"elementor-element elementor-element-5a5ab9e elementor-widget elementor-widget-heading\" data-id=\"5a5ab9e\" data-element_type=\"widget\" data-e-type=\"widget\" data-widget_type=\"heading.default\">\n\t\t\t\t\t<h2 class=\"elementor-heading-title elementor-size-default\">7. Conservazione dei dati personali<\/h2>\t\t\t\t<\/div>\n\t\t\t\t<div class=\"elementor-element elementor-element-874c7bc elementor-widget elementor-widget-text-editor\" data-id=\"874c7bc\" data-element_type=\"widget\" data-e-type=\"widget\" data-widget_type=\"text-editor.default\">\n\t\t\t\t\t\t\t\t\t<p style=\"font-weight: 400;\">I Dati Personali trattati per le finalit\u00e0 di cui alla sezione 3(a-b) saranno conservati per il tempo strettamente necessario a raggiungere quelle stesse finalit\u00e0. In ogni caso, trattandosi di trattamenti svolti per la fornitura di Servizi, il titolare tratter\u00e0 i Dati Personali fino al tempo permesso dalla normativa Italiana a tutela dei propri interessi (Art. 2946 c.c. e ss.). Per quanto riguarda i CV trasmessi attraverso il Sito o tramite e-mail di cui alla sezione 3.c, i Dati Personali saranno conservati per un periodo ritenuto congruo rispetto alla finalit\u00e0 per cui il dato viene acquisito. \u00c8 fatta salva la possibilit\u00e0 per il titolare di ricontattare il candidato poco prima della scadenza indicata per richiedere un\u2019estensione di tale periodo di conservazione.<br \/>I Dati Personali trattati per le finalit\u00e0 di cui alla sezione 3.d saranno conservati fino al tempo previsto dallo specifico obbligo o norma di legge applicabile.   <\/p>\n<p style=\"font-weight: 400;\">I Dati Personali trattati per le finalit\u00e0 di cui alla sezione 3.e e 3.f saranno invece conservati fino alla revoca del consenso da parte dell\u2019interessato, ovvero, in mancanza di tale revoca, per un tempo massimo ritenuto congruo.<\/p>\n<ul style=\"font-weight: 400;\">\n<li>Maggiori informazioni in merito al periodo di conservazione dei dati ed ai criteri utilizzati per determinare tale periodo possono essere richieste scrivendo al titolare al seguente indirizzo: <a href=\"mailto:mail@gasthauswolf.it\">mail@gasthauswolf.it<\/a><\/li>\n<\/ul>\n\t\t\t\t\t\t\t\t<\/div>\n\t\t\t\t<div class=\"elementor-element elementor-element-1c1099f elementor-widget elementor-widget-heading\" data-id=\"1c1099f\" data-element_type=\"widget\" data-e-type=\"widget\" data-widget_type=\"heading.default\">\n\t\t\t\t\t<h2 class=\"elementor-heading-title elementor-size-default\">8. Diritti degli interessati<\/h2>\t\t\t\t<\/div>\n\t\t\t\t<div class=\"elementor-element elementor-element-1bf6d48 elementor-widget elementor-widget-text-editor\" data-id=\"1bf6d48\" data-element_type=\"widget\" data-e-type=\"widget\" data-widget_type=\"text-editor.default\">\n\t\t\t\t\t\t\t\t\t<p style=\"font-weight: 400;\">Ai sensi degli articoli 15 e seguenti del Regolamento, ha il diritto di chiedere al titolare, in qualunque momento, l&#8217;accesso ai tuoi Dati Personali, la rettifica o la cancellazione degli stessi o di opporti al loro trattamento, ha diritto di richiedere la limitazione del trattamento nei casi previsti dall&#8217;art. 18 del Regolamento, nonch\u00e9 di ottenere in un formato strutturato, di uso comune e leggibile da dispositivo automatico i dati che la riguardano, nei casi previsti dall&#8217;art. 20 del Regolamento. <\/p>\n<ul style=\"font-weight: 400;\">\n<li>Le richieste vanno rivolte per iscritto al titolare al seguente indirizzo: <a href=\"mailto:mail@gasthauswolf.it\">mail@gasthauswolf.it<\/a><\/li>\n<\/ul>\n<p>In ogni caso Lei ha sempre diritto di proporre reclamo all&#8217;Autorit\u00e0 di Controllo competente (Garante per la Protezione dei Dati Personali), ai sensi dell&#8217;art. 77 del Regolamento, qualora ritenga che il trattamento dei tuoi Dati Personali sia contrario alla normativa in vigore.<\/p>\n\t\t\t\t\t\t\t\t<\/div>\n\t\t\t\t<div class=\"elementor-element elementor-element-c89fcea elementor-widget elementor-widget-heading\" data-id=\"c89fcea\" data-element_type=\"widget\" data-e-type=\"widget\" data-widget_type=\"heading.default\">\n\t\t\t\t\t<h2 class=\"elementor-heading-title elementor-size-default\">9. Modifiche<\/h2>\t\t\t\t<\/div>\n\t\t\t\t<div class=\"elementor-element elementor-element-de19d67 elementor-widget elementor-widget-text-editor\" data-id=\"de19d67\" data-element_type=\"widget\" data-e-type=\"widget\" data-widget_type=\"text-editor.default\">\n\t\t\t\t\t\t\t\t\t<p style=\"font-weight: 400;\">La presente privacy policy \u00e8 in vigore dal 01.12.2024. Il titolare si riserva di modificarne o semplicemente aggiornarne il contenuto, in parte o completamente, anche a causa di variazioni della normativa applicabile. Il contenuto del sito e della presente privacy policy potrebbero essere soggetti a variazioni, pertanto il Titolare la invita a visitare con regolarit\u00e0 questa sezione per prendere cognizione della pi\u00f9 recente ed aggiornata versione della privacy policy in modo da essere sempre aggiornato sui dati raccolti e sull\u2019uso che ne viene fatto.  <\/p>\n\t\t\t\t\t\t\t\t<\/div>\n\t\t\t\t<div class=\"elementor-element elementor-element-891e3c6 elementor-widget elementor-widget-heading\" data-id=\"891e3c6\" data-element_type=\"widget\" data-e-type=\"widget\" data-widget_type=\"heading.default\">\n\t\t\t\t\t<h2 class=\"elementor-heading-title elementor-size-default\">10. Cookies<\/h2>\t\t\t\t<\/div>\n\t\t\t\t<div class=\"elementor-element elementor-element-bcf7b60 elementor-widget elementor-widget-text-editor\" data-id=\"bcf7b60\" data-element_type=\"widget\" data-e-type=\"widget\" data-widget_type=\"text-editor.default\">\n\t\t\t\t\t\t\t\t\t<p style=\"font-weight: 400;\">Il nostro sito web utilizza i cookie. I cookie sono piccoli file di testo che consentono di memorizzare determinate informazioni su di Lei e sul Suo comportamento di utilizzo in relazione al nostro sito web sul Suo dispositivo finale (ad es. PC, smartphone, tablet). I cookie ci consentono di migliorare l&#8217;usabilit\u00e0 del nostro sito web, ottimizzare il nostro sito web e garantire la funzionalit\u00e0 del nostro sito web. La maggior parte dei browser mette a disposizione la funzione di consentire o impedire alla memorizzazione dei cookie. \u00c8 anche possibile eliminare i cookie gi\u00e0 memorizzati sul Suo dispositivo finale tramite il Suo browser.    <\/p>\n<p style=\"font-weight: 400;\">Tuttavia si prega di notare che la disattivazione o l&#8217; eliminazione dei cookie pu\u00f2 limitare la funzionalit\u00e0 del nostro sito web. La informiamo sull&#8217;uso dei cookie gi\u00e0 al primo accesso al nostro sito web. Cliccando sul pulsante &#8220;Accetta tutti&#8221; in questo avviso, acconsente all&#8217;utilizzo dei cookie. Inoltre, \u00e8 possibile effettuare impostazioni individuali. Distinguiamo tra cookie essenziali senza i quali il nostro sito web non funzionerebbe e cookie per scopi statistici e pubblicitari o per la visualizzazione di contenuti di terzi.    <\/p>\n<p style=\"font-weight: 400;\">\u00c8 possibile revocare il consenso in qualsiasi momento cliccando sul pulsante \u201cImpostazioni cookie\u201d.<\/p>\n<p style=\"font-weight: 400;\"><span class=\"borlabs-cookie-open-dialog-preferences \" data-borlabs-cookie-title=\"Impostazioni dei cookie\" data-borlabs-cookie-type=\"link\" ><\/span><\/p>\n<p style=\"font-weight: 400;\">Di seguito La informeremo in dettaglio sugli strumenti utilizzati e sui cookie.<\/p>\n<p style=\"font-weight: 400;\"><strong>Essenziale<\/strong><\/p>\n<p style=\"font-weight: 400;\">I cookie essenziali abilitano le funzioni di base e sono necessari per il corretto funzionamento del sito web.<\/p>\n<p style=\"font-weight: 400;\">Borlabs Cookie<\/p>\n\n<table style=\"font-weight: 400;\" width=\"700\">\n<tbody>\n<tr>\n<td><strong>Name<\/strong><\/td><td>Borlabs Cookie<\/td>\n<\/tr>\n<tr>\n<td><strong>Fornitore<\/strong><\/td><td>Proprietario di questo sito web, <a href=\"https:\/\/gasthauswolf.it\/it\/note-legali\/\">Note legali<\/a><\/td>\n<\/tr>\n<tr>\n<td><strong>Scopo<\/strong><\/td><td>Salva le impostazioni dei visitatori selezionati nella casella dei cookie di Borlabs Cookie.<\/td>\n<\/tr>\n<tr>\n<td><strong>Nome del Cookie<\/strong><\/td><td>borlabs-cookie<\/td>\n<\/tr>\n<tr>\n<td><strong>Tempo di esecuzione del cookie<\/strong><\/td><td>1 anno<\/td>\n<\/tr>\n<\/tbody>\n<\/table>\n<p style=\"font-weight: 400;\">WPML<\/p>\n\n<table style=\"font-weight: 400;\" width=\"700\">\n<tbody>\n<tr>\n<td><strong>Nome<\/strong><\/td><td>WPML<\/td>\n<\/tr>\n<tr>\n<td><strong>Fornitore<\/strong><\/td><td>Proprietario di questo sito web<\/td>\n<\/tr>\n<tr>\n<td><strong>Scopo<\/strong><\/td><td>Salva la lingua corrente.<\/td>\n<\/tr>\n<tr>\n<td><strong>Cookie Nome<\/strong><\/td><td>_icl_*, wpml_*, wp-wpml_*<\/td>\n<\/tr>\n<tr>\n<td><strong>Tempo di esecuzione del cookie<\/strong><\/td><td>1 giorno<\/td>\n<\/tr>\n<\/tbody>\n<\/table>\n<p style=\"font-weight: 400;\"><strong>Statistiche<\/strong><\/p>\n<p style=\"font-weight: 400;\">I cookie statistici raccolgono informazioni in forma anonima. Queste informazioni ci aiutano a capire come i visitatori utilizzano il nostro sito web. <\/p>\n<p style=\"font-weight: 400;\">Google Analytics<\/p>\n\n<table style=\"font-weight: 400;\" width=\"700\">\n<tbody>\n<tr>\n<td><strong>Nome<\/strong><\/td><td>Google Analytics<\/td>\n<\/tr>\n<tr>\n<td><strong>Fornitore<\/strong><\/td><td>Google Ireland Limited, Gordon House, Barrow Street, Dublin 4, Ireland<\/td>\n<\/tr>\n<tr>\n<td><strong>Scopo<\/strong><\/td>\n<td>Cookie di Google per l&#8217;analisi del sito web. Genera dati statistici sull&#8217;utilizzo del sito web da parte dei visitatori. <\/td>\n<\/tr>\n<tr>\n<td><strong>Privacy Policy<\/strong><\/td><td><a href=\"https:\/\/policies.google.com\/privacy?hl=de\" target=\"_blank\" rel=\"noopener\">https:\/\/policies.google.com\/privacy?hl=de<\/a><\/td>\n<\/tr>\n<tr>\n<td><strong>Cookie Nome<\/strong><\/td><td>_ga,_gat,_gid<\/td>\n<\/tr>\n<tr>\n<td><strong>Tempo di esecuzione del cookie<\/strong><\/td><td>2 mesi<\/td>\n<\/tr>\n<\/tbody>\n<\/table>\n<p style=\"font-weight: 400;\"><strong>Marketing<\/strong><\/p>\n<p style=\"font-weight: 400;\">I cookie di marketing sono utilizzati da fornitori o editori di terze parti per mostrare pubblicit\u00e0 personalizzata. Lo fanno tracciando i visitatori sui vari siti web. <\/p>\n<p style=\"font-weight: 400;\"><strong>Media esterni<\/strong><\/p>\n<p style=\"font-weight: 400;\">I contenuti delle piattaforme video e dei social media sono bloccati per impostazione predefinita. Se si accettano i cookie dei media esterni, l&#8217;accesso a questi contenuti non richiede pi\u00f9 il consenso manuale. <\/p>\n<p style=\"font-weight: 400;\">Google Maps<\/p>\n\n<table style=\"font-weight: 400;\" width=\"700\">\n<tbody>\n<tr>\n<td><strong>Nome<\/strong><\/td><td>Google Maps<\/td>\n<\/tr>\n<tr>\n<td><strong>Fornitore<\/strong><\/td><td>Google Ireland Limited, Gordon House, Barrow Street, Dublin 4, Ireland<\/td>\n<\/tr>\n<tr>\n<td><strong>Scopo<\/strong><\/td><td>Utilizzato per sbloccare i contenuti di Google Maps.<\/td>\n<\/tr>\n<tr>\n<td><strong>Privacy Policy<\/strong><\/td><td><a href=\"https:\/\/policies.google.com\/privacy\" target=\"_blank\" rel=\"noopener\">https:\/\/policies.google.com\/privacy<\/a><\/td>\n<\/tr>\n<tr>\n<td><strong>Host(s)<\/strong><\/td><td>.google.com<\/td>\n<\/tr>\n<tr>\n<td><strong>Cookie Nome<\/strong><\/td><td>NID<\/td>\n<\/tr>\n<tr>\n<td><strong>Tempo di esecuzione del cookie<\/strong><\/td><td>6 mesi<\/td>\n<\/tr>\n<\/tbody>\n<\/table>\n<ol>\n \t<li style=\"font-weight: 400;\"> <strong> Borlabs<\/strong><strong><\/strong><\/li>\n<\/ol>\n<p style=\"font-weight: 400;\">Il nostro sito Web utilizza la tecnologia di consenso dei cookie di Borlabs per ottenere il consenso dell&#8217; utente alla memorizzazione di determinati cookie nel browser dell&#8217; utente e per documentarlo in conformit\u00e0 con le normative sulla privacy. Il fornitore di questa tecnologia \u00e8 Borlabs &#8211; Benjamin A. Bornschein, R\u00fcbenkamp 32, 22305 Amburgo. <\/p>\n<p style=\"font-weight: 400;\">Quando accede al nostro sito web per la prima volta, nel Suo browser verr\u00e0 salvato un cookie Borlabs che memorizza i consensi o la revoca di tali consensi da Lei forniti. Questi dati non vengono trasmessi. <\/p>\n<p style=\"font-weight: 400;\">I dati raccolti vengono memorizzati fino a quando non chiede di cancellarli o elimina i cookie Borlabs in prima persona o finch\u00e8 lo scopo per la memorizzazione dei dati non si applica pi\u00f9. I periodi di conservazione obbligatori previsti dalla legge rimangono invariati. Informazioni dettagliate sul trattamento dei dati dei cookie Borlabs sono disponibili su <a href=\"https:\/\/de.borlabs.io\/kb\/welche-daten-speichert-borlabs-cookie\/\" target=\"_blank\" rel=\"noopener\">https:\/\/de.borlabs.io\/kb\/welche-daten-speichert-borlabs-cookie\/<\/a>  <\/p>\n\n<ol>\n \t<li style=\"font-weight: 400;\"><strong> Google Analytics<\/strong><\/li>\n<\/ol>\n<p style=\"font-weight: 400;\">Per quanto ci da il Suo consenso, utilizziamo anche il nostro sito web Google Analytics, un servizio di analisi web fornito da Google Inc. (\u201eGoogle\u201c). Google Analytics utilizza i cosiddetti &#8220;cookie&#8221;, file di testo che vengono memorizzati sul Suo computer e che consentono un&#8217;analisi del Suo utilizzo del sito web.  <\/p>\n<p style=\"font-weight: 400;\">Le informazioni generate dal cookie sull&#8217;utilizzo di questo sito web vengono generalmente trasmesse a un server di Google negli Stati Uniti e l\u00ec memorizzate. Nell&#8217;ambito dell&#8217; anonimizzazione dell&#8217; IP su questo sito web, tuttavia, il Suo indirizzo IP verr\u00e0 preventivamente abbreviato da Google all&#8217;interno degli stati membri dell&#8217;Unione Europea o in altri stati contraenti dell&#8217;Accordo sullo Spazio Economico Europeo. <\/p>\n<p style=\"font-weight: 400;\">Solo in casi eccezionali l&#8217;indirizzo IP completo viene inviato a un server di Google negli Stati Uniti dove viene abbreviato. Per nostro conto, Google utilizzer\u00e0 queste informazioni al fine di valutare Suo utilizzo del sito web, creando dei resoconti relativi alle attivit\u00e0 effettuate sul sito web e per infine fornire altri servizi connessi all&#8217; utilizzo del sito web e all&#8217; utilizzo internet al gestore del sito web. L&#8217;indirizzo IP trasmesso dal Suo browser nell&#8217;ambito di Google Analytics non verr\u00e0 unito ad altri dati di Google.  <\/p>\n<p style=\"font-weight: 400;\">\u00c8 inoltre possibile impedire a Google di raccogliere i dati generati dal cookie e relativi al Suo utilizzo del sito web (incluso il suo indirizzo IP) e di elaborare questi dati da parte di Google cliccando sul seguente link (<a href=\"https:\/\/tools.google.com\/dlpage\/gaoptout?hl=de\" target=\"_blank\" rel=\"noopener\">https:\/\/tools.google.com\/dlpage\/gaoptout?hl=de<\/a>), scaricando e installando il browser-plugin disponibile.<\/p>\n<p style=\"font-weight: 400;\">Maggiori informazioni sulle condizioni di utilizzo e sulla protezione dei dati sono disponibili su <a href=\"https:\/\/www.google.com\/analytics\/terms\/de.html\" target=\"_blank\" rel=\"noopener\">https:\/\/www.google.com\/analytics\/terms\/de.html <\/a>o<a href=\"https:\/\/www.google.de\/intl\/de\/policies\" target=\"_blank\" rel=\"noopener\">https:\/\/www.google.de\/intl\/de\/policies<\/a><\/p>\t\t\t\t\t\t\t\t<\/div>\n\t\t\t\t\t<\/div>\n\t\t\t\t<\/div>\n\t\t\t\t<\/div>\n\t\t","protected":false},"excerpt":{"rendered":"<p>Gasthaus Wofl \u00e8 responsabile del trattamento dei dati personali raccolti ed elaborati durante l&#8217;accesso e l&#8217;utilizzo del sito web.<\/p>\n","protected":false},"author":4,"featured_media":0,"parent":0,"menu_order":0,"comment_status":"closed","ping_status":"closed","template":"","meta":{"footnotes":""},"class_list":["post-2833","page","type-page","status-publish","hentry"],"_links":{"self":[{"href":"https:\/\/gasthauswolf.it\/it\/wp-json\/wp\/v2\/pages\/2833","targetHints":{"allow":["GET"]}}],"collection":[{"href":"https:\/\/gasthauswolf.it\/it\/wp-json\/wp\/v2\/pages"}],"about":[{"href":"https:\/\/gasthauswolf.it\/it\/wp-json\/wp\/v2\/types\/page"}],"author":[{"embeddable":true,"href":"https:\/\/gasthauswolf.it\/it\/wp-json\/wp\/v2\/users\/4"}],"replies":[{"embeddable":true,"href":"https:\/\/gasthauswolf.it\/it\/wp-json\/wp\/v2\/comments?post=2833"}],"version-history":[{"count":0,"href":"https:\/\/gasthauswolf.it\/it\/wp-json\/wp\/v2\/pages\/2833\/revisions"}],"wp:attachment":[{"href":"https:\/\/gasthauswolf.it\/it\/wp-json\/wp\/v2\/media?parent=2833"}],"curies":[{"name":"wp","href":"https:\/\/api.w.org\/{rel}","templated":true}]}}