{"id":2430,"date":"2024-07-26T17:53:17","date_gmt":"2024-07-26T15:53:17","guid":{"rendered":"https:\/\/gasthauswolf.it\/mangiare-bere\/"},"modified":"2024-12-09T15:08:03","modified_gmt":"2024-12-09T14:08:03","slug":"mangiare-bere","status":"publish","type":"page","link":"https:\/\/gasthauswolf.it\/it\/mangiare-bere\/","title":{"rendered":"Mangiare &amp; Bere"},"content":{"rendered":"\t\t<div data-elementor-type=\"wp-page\" data-elementor-id=\"2430\" class=\"elementor elementor-2430 elementor-66\" data-elementor-post-type=\"page\">\n\t\t\t\t<div class=\"elementor-element elementor-element-81d5742 e-flex e-con-boxed e-con e-parent\" data-id=\"81d5742\" data-element_type=\"container\" data-e-type=\"container\">\n\t\t\t\t\t<div class=\"e-con-inner\">\n\t\t\t\t<div class=\"elementor-element elementor-element-18de264 elementor-widget elementor-widget-heading\" data-id=\"18de264\" data-element_type=\"widget\" data-e-type=\"widget\" data-widget_type=\"heading.default\">\n\t\t\t\t\t<p class=\"elementor-heading-title elementor-size-default\">Canederli? Pasta? <\/p>\t\t\t\t<\/div>\n\t\t\t\t<div class=\"elementor-element elementor-element-8639364 elementor-widget elementor-widget-heading\" data-id=\"8639364\" data-element_type=\"widget\" data-e-type=\"widget\" data-widget_type=\"heading.default\">\n\t\t\t\t\t<p class=\"elementor-heading-title elementor-size-default\">O solo un dolce?<\/p>\t\t\t\t<\/div>\n\t\t\t\t\t<\/div>\n\t\t\t\t<\/div>\n\t\t<div class=\"elementor-element elementor-element-0bf35ae e-flex e-con-boxed e-con e-parent\" data-id=\"0bf35ae\" data-element_type=\"container\" data-e-type=\"container\">\n\t\t\t\t\t<div class=\"e-con-inner\">\n\t\t<div class=\"elementor-element elementor-element-56e66b9 e-con-full e-flex e-con e-child\" data-id=\"56e66b9\" data-element_type=\"container\" data-e-type=\"container\">\n\t\t\t\t<div class=\"elementor-element elementor-element-51f6960 elementor-widget elementor-widget-image\" data-id=\"51f6960\" data-element_type=\"widget\" data-e-type=\"widget\" data-widget_type=\"image.default\">\n\t\t\t\t\t\t\t\t\t\t\t\t\t\t\t<img fetchpriority=\"high\" decoding=\"async\" width=\"800\" height=\"534\" src=\"https:\/\/gasthauswolf.it\/wp-content\/uploads\/gasthaus-wolf-am-brenner-historische-stube-ofenbank-ziertruhe-1024x683.jpg\" class=\"attachment-large size-large wp-image-2642\" alt=\"Storica stube della Locanda Wolf con pareti rivestite in legno, sedie e tavoli rustici, una tradizionale stufa a legna con panchina e una storica cassapanca dipinta.\" srcset=\"https:\/\/gasthauswolf.it\/wp-content\/uploads\/gasthaus-wolf-am-brenner-historische-stube-ofenbank-ziertruhe-1024x683.jpg 1024w, https:\/\/gasthauswolf.it\/wp-content\/uploads\/gasthaus-wolf-am-brenner-historische-stube-ofenbank-ziertruhe-300x200.jpg 300w, https:\/\/gasthauswolf.it\/wp-content\/uploads\/gasthaus-wolf-am-brenner-historische-stube-ofenbank-ziertruhe-768x513.jpg 768w, https:\/\/gasthauswolf.it\/wp-content\/uploads\/gasthaus-wolf-am-brenner-historische-stube-ofenbank-ziertruhe-1536x1025.jpg 1536w, https:\/\/gasthauswolf.it\/wp-content\/uploads\/gasthaus-wolf-am-brenner-historische-stube-ofenbank-ziertruhe-2048x1367.jpg 2048w\" sizes=\"(max-width: 800px) 100vw, 800px\" \/>\t\t\t\t\t\t\t\t\t\t\t\t\t\t\t<\/div>\n\t\t\t\t<\/div>\n\t\t<div class=\"elementor-element elementor-element-5724c3c e-con-full e-flex e-con e-child\" data-id=\"5724c3c\" data-element_type=\"container\" data-e-type=\"container\">\n\t\t\t\t<div class=\"elementor-element elementor-element-56d8a68 elementor-widget elementor-widget-image\" data-id=\"56d8a68\" data-element_type=\"widget\" data-e-type=\"widget\" data-widget_type=\"image.default\">\n\t\t\t\t\t\t\t\t\t\t\t\t\t\t\t<img decoding=\"async\" width=\"800\" height=\"517\" data-src=\"https:\/\/gasthauswolf.it\/wp-content\/uploads\/gasthaus-wolf-am-brenner-moderne-bar-dunkle-moebel-warmes-licht-1024x662.jpg\" class=\"attachment-large size-large wp-image-2652 lazyload\" alt=\"Il moderno bar con pareti scure e mobili in legno, illuminazione d&#039;atmosfera, travi in legno sul soffitto e una vetrina illuminata con quadri storici in bianco e nero.\" data-srcset=\"https:\/\/gasthauswolf.it\/wp-content\/uploads\/gasthaus-wolf-am-brenner-moderne-bar-dunkle-moebel-warmes-licht-1024x662.jpg 1024w, https:\/\/gasthauswolf.it\/wp-content\/uploads\/gasthaus-wolf-am-brenner-moderne-bar-dunkle-moebel-warmes-licht-300x194.jpg 300w, https:\/\/gasthauswolf.it\/wp-content\/uploads\/gasthaus-wolf-am-brenner-moderne-bar-dunkle-moebel-warmes-licht-768x497.jpg 768w, https:\/\/gasthauswolf.it\/wp-content\/uploads\/gasthaus-wolf-am-brenner-moderne-bar-dunkle-moebel-warmes-licht-1536x993.jpg 1536w, https:\/\/gasthauswolf.it\/wp-content\/uploads\/gasthaus-wolf-am-brenner-moderne-bar-dunkle-moebel-warmes-licht-2048x1324.jpg 2048w\" data-sizes=\"(max-width: 800px) 100vw, 800px\" src=\"data:image\/svg+xml;base64,PHN2ZyB3aWR0aD0iMSIgaGVpZ2h0PSIxIiB4bWxucz0iaHR0cDovL3d3dy53My5vcmcvMjAwMC9zdmciPjwvc3ZnPg==\" style=\"--smush-placeholder-width: 800px; --smush-placeholder-aspect-ratio: 800\/517;\" \/>\t\t\t\t\t\t\t\t\t\t\t\t\t\t\t<\/div>\n\t\t\t\t<\/div>\n\t\t\t\t\t<\/div>\n\t\t\t\t<\/div>\n\t\t<div class=\"elementor-element elementor-element-05a8964 e-flex e-con-boxed e-con e-parent\" data-id=\"05a8964\" data-element_type=\"container\" data-e-type=\"container\">\n\t\t\t\t\t<div class=\"e-con-inner\">\n\t\t<div class=\"elementor-element elementor-element-6592c89 e-con-full e-flex e-con e-child\" data-id=\"6592c89\" data-element_type=\"container\" data-e-type=\"container\">\n\t\t\t\t<div class=\"elementor-element elementor-element-81bcf0e elementor-widget elementor-widget-heading\" data-id=\"81bcf0e\" data-element_type=\"widget\" data-e-type=\"widget\" data-widget_type=\"heading.default\">\n\t\t\t\t\t<h1 class=\"elementor-heading-title elementor-size-default\">Mangiare bene &amp; Bere al Brennero<\/h1>\t\t\t\t<\/div>\n\t\t\t\t<div class=\"elementor-element elementor-element-04dc769 elementor-widget elementor-widget-text-editor\" data-id=\"04dc769\" data-element_type=\"widget\" data-e-type=\"widget\" data-widget_type=\"text-editor.default\">\n\t\t\t\t\t\t\t\t\t<p>Specialit\u00e0 giornaliere a seconda le stagioni per la pausa pranzo. Caff\u00e8 e dolci fatti in casa durante il pomeriggio. Creazioni alpino-mediterranee e un buon vino per cena. Assapora il raffinato menu della Locanda Wolf al Brennero. Buon appetito &amp; Mahlzeit!    <\/p>\n\t\t\t\t\t\t\t\t<\/div>\n\t\t\t\t<\/div>\n\t\t\t\t\t<\/div>\n\t\t\t\t<\/div>\n\t\t<div class=\"elementor-element elementor-element-108e094 e-con-full elementor-hidden-desktop elementor-hidden-tablet elementor-hidden-mobile e-flex e-con e-parent\" data-id=\"108e094\" data-element_type=\"container\" data-e-type=\"container\">\n\t\t<div class=\"elementor-element elementor-element-747307b e-con-full e-flex e-con e-child\" data-id=\"747307b\" data-element_type=\"container\" data-e-type=\"container\" data-settings=\"{&quot;background_background&quot;:&quot;classic&quot;,&quot;position&quot;:&quot;absolute&quot;}\">\n\t\t\t\t<div class=\"elementor-element elementor-element-86d418a elementor-widget elementor-widget-heading\" data-id=\"86d418a\" data-element_type=\"widget\" data-e-type=\"widget\" data-widget_type=\"heading.default\">\n\t\t\t\t\t<h2 class=\"elementor-heading-title elementor-size-default\">Pranzo | ore 12\u201314<\/h2>\t\t\t\t<\/div>\n\t\t\t\t<div class=\"elementor-element elementor-element-2eaf5b8 elementor-widget elementor-widget-text-editor\" data-id=\"2eaf5b8\" data-element_type=\"widget\" data-e-type=\"widget\" data-widget_type=\"text-editor.default\">\n\t\t\t\t\t\t\t\t\t<p>Piccola, raffinata selezione di piatti con specialit\u00e0 alternanti. <br \/>Per una gustosa pausa pranzo al Brennero.<\/p>\n\t\t\t\t\t\t\t\t<\/div>\n\t\t\t\t<div class=\"elementor-element elementor-element-0891bf5 elementor-widget elementor-widget-button\" data-id=\"0891bf5\" data-element_type=\"widget\" data-e-type=\"widget\" data-widget_type=\"button.default\">\n\t\t\t\t\t\t\t\t\t\t<a class=\"elementor-button elementor-button-link elementor-size-sm\" href=\"#\">\n\t\t\t\t\t\t<span class=\"elementor-button-content-wrapper\">\n\t\t\t\t\t\t\t\t\t<span class=\"elementor-button-text\">Vedi menu pranzo<\/span>\n\t\t\t\t\t<\/span>\n\t\t\t\t\t<\/a>\n\t\t\t\t\t\t\t\t<\/div>\n\t\t\t\t<\/div>\n\t\t<div class=\"elementor-element elementor-element-26f306d e-con-full e-flex e-con e-child\" data-id=\"26f306d\" data-element_type=\"container\" data-e-type=\"container\" data-settings=\"{&quot;background_background&quot;:&quot;classic&quot;,&quot;position&quot;:&quot;absolute&quot;}\">\n\t\t\t\t<div class=\"elementor-element elementor-element-3bb15c4 elementor-widget elementor-widget-heading\" data-id=\"3bb15c4\" data-element_type=\"widget\" data-e-type=\"widget\" data-widget_type=\"heading.default\">\n\t\t\t\t\t<h2 class=\"elementor-heading-title elementor-size-default\">Cena | ore 19\u201322<\/h2>\t\t\t\t<\/div>\n\t\t\t\t<div class=\"elementor-element elementor-element-aa6797e elementor-widget elementor-widget-text-editor\" data-id=\"aa6797e\" data-element_type=\"widget\" data-e-type=\"widget\" data-widget_type=\"text-editor.default\">\n\t\t\t\t\t\t\t\t\t<p>Il meglio della cucina di entrambe le parti del confine. Per una serata piacevole al Brennero. <\/p>\n\t\t\t\t\t\t\t\t<\/div>\n\t\t\t\t<div class=\"elementor-element elementor-element-4eef1e6 elementor-widget elementor-widget-button\" data-id=\"4eef1e6\" data-element_type=\"widget\" data-e-type=\"widget\" data-widget_type=\"button.default\">\n\t\t\t\t\t\t\t\t\t\t<a class=\"elementor-button elementor-button-link elementor-size-sm\" href=\"#\">\n\t\t\t\t\t\t<span class=\"elementor-button-content-wrapper\">\n\t\t\t\t\t\t\t\t\t<span class=\"elementor-button-text\">Vedi menu serale<\/span>\n\t\t\t\t\t<\/span>\n\t\t\t\t\t<\/a>\n\t\t\t\t\t\t\t\t<\/div>\n\t\t\t\t<\/div>\n\t\t\t\t<div class=\"elementor-element elementor-element-5f1c2d6 elementor-widget elementor-widget-image\" data-id=\"5f1c2d6\" data-element_type=\"widget\" data-e-type=\"widget\" data-widget_type=\"image.default\">\n\t\t\t\t\t\t\t\t\t\t\t\t\t\t\t<img decoding=\"async\" width=\"684\" height=\"1024\" data-src=\"https:\/\/gasthauswolf.it\/wp-content\/uploads\/gasthaus-wolf-am-brenner-historische-stube-holztische-fenster-hoch-684x1024.jpg\" class=\"attachment-large size-large wp-image-2650 lazyload\" alt=\"Storica stube della Locanda Wolf con pareti rivestite in legno, soffitto con travi in legno, sedie rustiche e tavoli in legno apparecchiati.\" data-srcset=\"https:\/\/gasthauswolf.it\/wp-content\/uploads\/gasthaus-wolf-am-brenner-historische-stube-holztische-fenster-hoch-684x1024.jpg 684w, https:\/\/gasthauswolf.it\/wp-content\/uploads\/gasthaus-wolf-am-brenner-historische-stube-holztische-fenster-hoch-200x300.jpg 200w, https:\/\/gasthauswolf.it\/wp-content\/uploads\/gasthaus-wolf-am-brenner-historische-stube-holztische-fenster-hoch-768x1150.jpg 768w, https:\/\/gasthauswolf.it\/wp-content\/uploads\/gasthaus-wolf-am-brenner-historische-stube-holztische-fenster-hoch-1025x1536.jpg 1025w, https:\/\/gasthauswolf.it\/wp-content\/uploads\/gasthaus-wolf-am-brenner-historische-stube-holztische-fenster-hoch-1367x2048.jpg 1367w, https:\/\/gasthauswolf.it\/wp-content\/uploads\/gasthaus-wolf-am-brenner-historische-stube-holztische-fenster-hoch.jpg 1709w\" data-sizes=\"(max-width: 684px) 100vw, 684px\" src=\"data:image\/svg+xml;base64,PHN2ZyB3aWR0aD0iMSIgaGVpZ2h0PSIxIiB4bWxucz0iaHR0cDovL3d3dy53My5vcmcvMjAwMC9zdmciPjwvc3ZnPg==\" style=\"--smush-placeholder-width: 684px; --smush-placeholder-aspect-ratio: 684\/1024;\" \/>\t\t\t\t\t\t\t\t\t\t\t\t\t\t\t<\/div>\n\t\t\t\t<\/div>\n\t\t<div class=\"elementor-element elementor-element-a1a725c e-flex e-con-boxed e-con e-parent\" data-id=\"a1a725c\" data-element_type=\"container\" data-e-type=\"container\">\n\t\t\t\t\t<div class=\"e-con-inner\">\n\t\t<div class=\"elementor-element elementor-element-6163593 e-con-full e-flex e-con e-child\" data-id=\"6163593\" data-element_type=\"container\" data-e-type=\"container\">\n\t\t\t\t<div class=\"elementor-element elementor-element-9a508ed elementor-widget elementor-widget-heading\" data-id=\"9a508ed\" data-element_type=\"widget\" data-e-type=\"widget\" data-widget_type=\"heading.default\">\n\t\t\t\t\t<h2 class=\"elementor-heading-title elementor-size-default\">Passione culinaria<\/h2>\t\t\t\t<\/div>\n\t\t\t\t<div class=\"elementor-element elementor-element-9599e1e elementor-widget elementor-widget-text-editor\" data-id=\"9599e1e\" data-element_type=\"widget\" data-e-type=\"widget\" data-widget_type=\"text-editor.default\">\n\t\t\t\t\t\t\t\t\t<p>Prendiamo l&#8217;ispirazione culinaria dalla zona del Brennero, che fa confine fra l&#8217;Austria e l&#8217;Italia. Cos\u00ec nelle nostre pentole si uniscono sapori alpini e mediterranei. Specialit\u00e0 sudtirolesi incontrano piatti di pasta e di pesce. Dando particolare importanza alla nostra regione, usiamo molti prodotti di alta qualit\u00e0, raccolti nelle vicinanze e da provenienza locale. Preferiamo gustare carne di altissima qualit\u00e0 e di limitare il consumo a giorni selezionati. Ecco perch\u00e8 nel nostro menu si trovano prodotti di carne da allevamenti che danno valore al benessere degli animali &#8211; ma sopratutto tante prelibatezze senza carne.     <\/p>\n\t\t\t\t\t\t\t\t<\/div>\n\t\t\t\t<\/div>\n\t\t\t\t\t<\/div>\n\t\t\t\t<\/div>\n\t\t<div class=\"elementor-element elementor-element-e937cd7 e-flex e-con-boxed e-con e-parent\" data-id=\"e937cd7\" data-element_type=\"container\" data-e-type=\"container\">\n\t\t\t\t\t<div class=\"e-con-inner\">\n\t\t<div class=\"elementor-element elementor-element-8363e40 e-con-full e-flex e-con e-child\" data-id=\"8363e40\" data-element_type=\"container\" data-e-type=\"container\" data-settings=\"{&quot;background_background&quot;:&quot;classic&quot;}\">\n\t\t\t\t<div class=\"elementor-element elementor-element-5c827a0 elementor-widget elementor-widget-heading\" data-id=\"5c827a0\" data-element_type=\"widget\" data-e-type=\"widget\" data-widget_type=\"heading.default\">\n\t\t\t\t\t<h3 class=\"elementor-heading-title elementor-size-default\">Bevande<\/h3>\t\t\t\t<\/div>\n\t\t\t\t<div class=\"elementor-element elementor-element-dd83460 elementor-widget elementor-widget-text-editor\" data-id=\"dd83460\" data-element_type=\"widget\" data-e-type=\"widget\" data-widget_type=\"text-editor.default\">\n\t\t\t\t\t\t\t\t\t<p>Un buon bicchiere di vino. Un espresso aromatico. Oltre al buon cibo la Locanda Wolf offre una squisita selezione di bevande.  <\/p>\n\t\t\t\t\t\t\t\t<\/div>\n\t\t\t\t<div class=\"elementor-element elementor-element-890bd02 elementor-widget elementor-widget-button\" data-id=\"890bd02\" data-element_type=\"widget\" data-e-type=\"widget\" data-widget_type=\"button.default\">\n\t\t\t\t\t\t\t\t\t\t<a class=\"elementor-button elementor-button-link elementor-size-sm\" href=\"https:\/\/gasthauswolf.it\/wp-content\/uploads\/Barkarte_Gasthaus_Wolf.pdf\" target=\"_blank\">\n\t\t\t\t\t\t<span class=\"elementor-button-content-wrapper\">\n\t\t\t\t\t\t\t\t\t<span class=\"elementor-button-text\">Vedi lista bevande<\/span>\n\t\t\t\t\t<\/span>\n\t\t\t\t\t<\/a>\n\t\t\t\t\t\t\t\t<\/div>\n\t\t\t\t<\/div>\n\t\t\t\t\t<\/div>\n\t\t\t\t<\/div>\n\t\t<div class=\"elementor-element elementor-element-0a3c69e e-flex e-con-boxed e-con e-parent\" data-id=\"0a3c69e\" data-element_type=\"container\" data-e-type=\"container\">\n\t\t\t\t\t<div class=\"e-con-inner\">\n\t\t<div class=\"elementor-element elementor-element-09a0d8b e-con-full e-flex e-con e-child\" data-id=\"09a0d8b\" data-element_type=\"container\" data-e-type=\"container\">\n\t\t\t\t<div class=\"elementor-element elementor-element-0f610e1 elementor-widget elementor-widget-heading\" data-id=\"0f610e1\" data-element_type=\"widget\" data-e-type=\"widget\" data-widget_type=\"heading.default\">\n\t\t\t\t\t<h2 class=\"elementor-heading-title elementor-size-default\">\"T\u00f6rggelen\" in autunno<\/h2>\t\t\t\t<\/div>\n\t\t\t\t<div class=\"elementor-element elementor-element-8b44d31 elementor-widget elementor-widget-text-editor\" data-id=\"8b44d31\" data-element_type=\"widget\" data-e-type=\"widget\" data-widget_type=\"text-editor.default\">\n\t\t\t\t\t\t\t\t\t<p>Dall&#8217;inizio di ottobre alla fine di novembre nella Locanda Wolf \u00e8 aperta la stagione del tradizionale &#8220;T\u00f6rggelen&#8221;. &#8220;Schlutzkrapfen&#8221;, canederli, salsicce della casa, crauti, frittelle di patate e caldarroste &#8211; \u00e8 questo il sapore dell&#8217;autunno. La nostra storica stube, fornita di una stufa a legna e tavoli in legno massiccio, si presenta come luogo ideale per un&#8217;accogliente serata di &#8220;T\u00f6rggele&#8221;.  <\/p>\n\t\t\t\t\t\t\t\t<\/div>\n\t\t\t\t<div class=\"elementor-element elementor-element-7147a06 elementor-widget elementor-widget-heading\" data-id=\"7147a06\" data-element_type=\"widget\" data-e-type=\"widget\" data-widget_type=\"heading.default\">\n\t\t\t\t\t<h3 class=\"elementor-heading-title elementor-size-default\">\"T\u00f6rggelen\" \u00e8 possibile con prenotazione:<\/h3>\t\t\t\t<\/div>\n\t\t\t\t<div class=\"elementor-element elementor-element-5940f5a elementor-widget elementor-widget-text-editor\" data-id=\"5940f5a\" data-element_type=\"widget\" data-e-type=\"widget\" data-widget_type=\"text-editor.default\">\n\t\t\t\t\t\t\t\t\t<p>+39 377 094 72 83<br \/><a href=\"mailto:mail@gasthauswolf.it\">mail@gasthauswolf.it<\/a><\/p>\n\t\t\t\t\t\t\t\t<\/div>\n\t\t\t\t<\/div>\n\t\t\t\t\t<\/div>\n\t\t\t\t<\/div>\n\t\t<div class=\"elementor-element elementor-element-bb16530 e-con-full e-flex e-con e-parent\" data-id=\"bb16530\" data-element_type=\"container\" data-e-type=\"container\" data-settings=\"{&quot;background_background&quot;:&quot;classic&quot;}\">\n\t\t<div class=\"elementor-element elementor-element-ab74997 e-con-full e-flex e-con e-child\" data-id=\"ab74997\" data-element_type=\"container\" data-e-type=\"container\" data-settings=\"{&quot;background_background&quot;:&quot;classic&quot;}\">\n\t\t\t\t<div class=\"elementor-element elementor-element-6b9f16c elementor-widget elementor-widget-heading\" data-id=\"6b9f16c\" data-element_type=\"widget\" data-e-type=\"widget\" data-widget_type=\"heading.default\">\n\t\t\t\t\t<h4 class=\"elementor-heading-title elementor-size-default\">Prenotazione tavolo<\/h4>\t\t\t\t<\/div>\n\t\t\t\t<div class=\"elementor-element elementor-element-1663fc8 elementor-widget elementor-widget-text-editor\" data-id=\"1663fc8\" data-element_type=\"widget\" data-e-type=\"widget\" data-widget_type=\"text-editor.default\">\n\t\t\t\t\t\t\t\t\t<p>Sai gi\u00e0 quando vuoi mangiare al Brennero? Allora facci sapere! <\/p>\n\t\t\t\t\t\t\t\t<\/div>\n\t\t\t\t<div class=\"elementor-element elementor-element-bbb4909 elementor-widget elementor-widget-button\" data-id=\"bbb4909\" data-element_type=\"widget\" data-e-type=\"widget\" data-widget_type=\"button.default\">\n\t\t\t\t\t\t\t\t\t\t<a class=\"elementor-button elementor-button-link elementor-size-sm\" href=\"https:\/\/gasthauswolf.it\/it\/prenotazione-tavolo\/\">\n\t\t\t\t\t\t<span class=\"elementor-button-content-wrapper\">\n\t\t\t\t\t\t\t\t\t<span class=\"elementor-button-text\">Prenota un tavolo<\/span>\n\t\t\t\t\t<\/span>\n\t\t\t\t\t<\/a>\n\t\t\t\t\t\t\t\t<\/div>\n\t\t\t\t<\/div>\n\t\t\t\t<\/div>\n\t\t\t\t<\/div>\n\t\t","protected":false},"excerpt":{"rendered":"<p>Goditi la cucina alpina-mediterranea con tanti prodotti regionali! Vieni da noi a mangiare &amp; Bere nella Locanda Wolf al Brennero. Buon appetito &amp; Mahlzeit!  <\/p>\n","protected":false},"author":4,"featured_media":0,"parent":0,"menu_order":0,"comment_status":"closed","ping_status":"closed","template":"","meta":{"footnotes":""},"class_list":["post-2430","page","type-page","status-publish","hentry"],"_links":{"self":[{"href":"https:\/\/gasthauswolf.it\/it\/wp-json\/wp\/v2\/pages\/2430","targetHints":{"allow":["GET"]}}],"collection":[{"href":"https:\/\/gasthauswolf.it\/it\/wp-json\/wp\/v2\/pages"}],"about":[{"href":"https:\/\/gasthauswolf.it\/it\/wp-json\/wp\/v2\/types\/page"}],"author":[{"embeddable":true,"href":"https:\/\/gasthauswolf.it\/it\/wp-json\/wp\/v2\/users\/4"}],"replies":[{"embeddable":true,"href":"https:\/\/gasthauswolf.it\/it\/wp-json\/wp\/v2\/comments?post=2430"}],"version-history":[{"count":0,"href":"https:\/\/gasthauswolf.it\/it\/wp-json\/wp\/v2\/pages\/2430\/revisions"}],"wp:attachment":[{"href":"https:\/\/gasthauswolf.it\/it\/wp-json\/wp\/v2\/media?parent=2430"}],"curies":[{"name":"wp","href":"https:\/\/api.w.org\/{rel}","templated":true}]}}